{"id":565,"date":"2021-11-09T12:00:02","date_gmt":"2021-11-09T09:00:02","guid":{"rendered":"https:\/\/galplaiulcodrilor.md\/?post_type=stiri&#038;p=565"},"modified":"2021-11-11T22:08:47","modified_gmt":"2021-11-11T19:08:47","slug":"anunt-de-lansare-a-licitatiei-privind-achizitionarea-grapei-cu-discuri","status":"publish","type":"stiri","link":"https:\/\/galplaiulcodrilor.md\/ru\/stiri\/anunt-de-lansare-a-licitatiei-privind-achizitionarea-grapei-cu-discuri\/","title":{"rendered":"Anun\u021b de lansare a licita\u021biei privind achizi\u021bionarea Grapei cu discuri."},"content":{"rendered":"<p><strong>Anun\u021b de lansare a licita\u021biei privind achizi\u021bionarea<br \/>\nGrapei cu discuri<\/strong><\/p>\n<p>&nbsp;<\/p>\n<p>Grupul de Ac\u021biune Local\u0103 (GAL) Plaiul Codrilor \u00a0este un parteneriat intersectorial care a fost creat \u00een baza implement\u0103rii abord\u0103rii europene LEADER \u00een anul 2021.<\/p>\n<p>GAL Plaiul Codrilor \u00a0tinde s\u0103 contribuie la dezvoltarea economic\u0103 a 6 localit\u0103\u021bi din raionul Straseni prin valorificarea resurselor \u0219i patrimoniului local.<\/p>\n<p>\u00cen perioada anilor 2021-2022 GAL-ul va sus\u021bine 12 proiecte care contribuie la implementarea Strategiei de Dezvoltare Local\u0103, selectate \u00een urma apelului de propuneri lansat \u00een microregiune.<\/p>\n<p>Mai multe detalii despre activitatea GAL o pute\u021bi g\u0103si pe pagina oficial\u0103 de FB a GAL: GAL \u00a0Plaiul Codrilor.<\/p>\n<p>Pentru realizarea acestor proiecte GAL-ul anun\u021b\u0103 licita\u021bie deschis\u0103 de selectare a unui furnizor ce va <strong>oferi\/produce\/presta\/comercializa <\/strong><strong>comercializa grapa cu discuri pentru vie si livada .<\/strong><\/p>\n<p>Prin acest apel invit\u0103m toate companiile sau organiza\u021biile specializate \u00een \u00a0comercializarea utilajelor agricole \u00a0, s\u0103 expedieze oferta\u00a0de pre\u021b, \u00een corespundere cu urm\u0103torii parametri tehnici:<\/p>\n<ol>\n<li>Puterea minim\u0103\u201430 c.p.<\/li>\n<li>L\u0103\u021bimea de lucru 1,6-1,8 m<\/li>\n<li>Ad\u00eencimea de prelucrare 8-15 cm<\/li>\n<\/ol>\n<p>Furnizorul selectat va semna un contract de \u00a0v\u00e2nzare-cump\u0103rare.<\/p>\n<p>Oferta de participare la concurs va con\u021bine urm\u0103toarele informa\u021bii:<\/p>\n<ol>\n<li>Date dEspre companie (denumirea, adresa, telefonul \u0219i persoana de contact, email);<\/li>\n<li>Detalii despre produs\/servicii oferite;<\/li>\n<li>Oferta financiar\u0103, care va include pre\u021bul <u>\u201ecu TVA\u201d \u0219i \u201ef\u0103r\u0103 TVA\u201d.<\/u>\u00a0Ofertantul va indica, de asemenea, disponibilitatea livr\u0103rilor cu aplicarea TVA la cota zero, la prezentarea documentelor confirmative de c\u0103tre GAL;<\/li>\n<li>Termenii de livrare a produsului.<\/li>\n<\/ol>\n<p>&nbsp;<\/p>\n<p><em>Not\u0103:<\/em> \u00cen cadrul realiz\u0103rii proiectului o parte din fonduri este scutit\u0103 de achitarea TVA, fapt pentru care se va livra o scrisoare confirmativ\u0103 de la finan\u021batorii proiectului.<\/p>\n<p>Oferta treBuie s\u0103 fie datat\u0103, semnat\u0103 \u015fi \u0219tampilat\u0103 de compania ofertant\u0103 \u0219i expediat\u0103 prin e-mail la adresa <strong><a href=\"mailto:miron.aliantavin@mail.ru\">miron.aliantavin@mail.ru<\/a><\/strong> \u00a0, <strong>\u00a0p\u00e2n\u0103 la\u00a0data de 20.11.2021<\/strong>.<\/p>\n<p>Pentru informa\u021bii suplimentare, v\u0103 rug\u0103m s\u0103 ne contacta\u021bi la num\u0103rul de <strong>telefon 069350970<\/strong> \u00a0sau la adresa de e-mail <strong><a href=\"mailto:miron.aliantavin@mail.ru\">miron.aliantavin@mail.ru<\/a>.<\/strong><\/p>\n<p>\u00cen perioada 2021-<\/p>\n<p>2022, GAL-ul este sus\u021binut din sursele Fondului de Dezvoltare Rural\u0103 LEADER-UE 2.0, proiectul \u201eLEADER pentru Moldova Rural\u0103\u201d, co-finan\u021bat de c\u0103tre USAID \u0219i Polish aid implementat de Solidarity Fund PL \u00een Moldova \u00een parteneriat cu Re\u021beaua Na\u021bional\u0103 LEADER din Republica Moldova. Partenerul strategic al proiectului este Ministerul Agriculturii \u0219i Industriei Alimentare al Republicii Moldov<\/p>\n\n        <style type='text\/css'>\n            #gallery-1 {\n                margin: auto;\n            }\n            #gallery-1 .gallery-item {\n                float: left;\n                margin-top: 10px;\n                text-align: center;\n                width: 33%;\n            }\n            #gallery-1 img {\n                border: 2px solid #cfcfcf;\n            }\n            #gallery-1 .gallery-caption {\n                margin-left: 0;\n            }\n        <\/style>\n        <!-- see gallery_shortcode() in wp-includes\/media.php -->\n        <div id='gallery-1' class='gallery galleryid-565'><dl class='gallery-item'>\n        <dt class='gallery-icon'>\n            <a href='https:\/\/galplaiulcodrilor.md\/ru\/stiri\/anunt-de-lansare-a-licitatiei-privind-achizitionarea-grapei-cu-discuri\/attachment\/img_20211111_203453\/'><img decoding=\"async\" width=\"150\" height=\"150\" src=\"https:\/\/galplaiulcodrilor.md\/wp-content\/uploads\/2021\/11\/img_20211111_203453-150x150.jpg\" class=\"attachment-thumbnail size-thumbnail\" alt=\"\" \/><\/a>\n        <\/dt><\/dl><\/div>\n\n<p>&nbsp;<\/p>\n<p>&nbsp;<\/p>\n<p>&nbsp;<\/p>\n<p>&nbsp;<\/p>","protected":false},"featured_media":566,"template":"","stiri_category":[],"stiri-category-gal":[15],"class_list":["post-565","stiri","type-stiri","status-publish","has-post-thumbnail","hentry","stiri-category-gal-anunturi"],"_links":{"self":[{"href":"https:\/\/galplaiulcodrilor.md\/ru\/wp-json\/wp\/v2\/stiri\/565","targetHints":{"allow":["GET"]}}],"collection":[{"href":"https:\/\/galplaiulcodrilor.md\/ru\/wp-json\/wp\/v2\/stiri"}],"about":[{"href":"https:\/\/galplaiulcodrilor.md\/ru\/wp-json\/wp\/v2\/types\/stiri"}],"wp:featuredmedia":[{"embeddable":true,"href":"https:\/\/galplaiulcodrilor.md\/ru\/wp-json\/wp\/v2\/media\/566"}],"wp:attachment":[{"href":"https:\/\/galplaiulcodrilor.md\/ru\/wp-json\/wp\/v2\/media?parent=565"}],"wp:term":[{"taxonomy":"stiri_category","embeddable":true,"href":"https:\/\/galplaiulcodrilor.md\/ru\/wp-json\/wp\/v2\/stiri_category?post=565"},{"taxonomy":"stiri-category-gal","embeddable":true,"href":"https:\/\/galplaiulcodrilor.md\/ru\/wp-json\/wp\/v2\/stiri-category-gal?post=565"}],"curies":[{"name":"wp","href":"https:\/\/api.w.org\/{rel}","templated":true}]}}